{"id":839,"date":"2024-07-03T06:34:07","date_gmt":"2024-07-03T06:34:07","guid":{"rendered":"https:\/\/linkedtips.com.tr\/our-team\/asli-ertem\/"},"modified":"2024-07-31T13:52:32","modified_gmt":"2024-07-31T13:52:32","slug":"asli-ertem","status":"publish","type":"our-team","link":"https:\/\/linkedtips.com.tr\/tr\/our-team\/asli-ertem\/","title":{"rendered":"Asl\u0131 Ertem"},"content":{"rendered":"<p><span style=\"font-weight: 400;\">2008 y\u0131l\u0131nda T\u00fcrkiye\u2019nin \u00f6nde gelen \u00fcniversitelerinden Orta Do\u011fu Teknik \u00dcniversitesi\u2019nin Sosyoloji lisans program\u0131ndan mezun oldu. Lisans e\u011fitiminin son senesinde Ernst &amp; Young firmas\u0131n\u0131n \u0130nsan Kaynaklar\u0131 departman\u0131nda yapt\u0131\u011f\u0131 uzun d\u00f6nem staj sonras\u0131nda, kariyerine \u0130nsan Kaynaklar\u0131 alan\u0131nda devam etme karar\u0131 ald\u0131. Global i\u015f pratiklerini deneyimlemek, yabanc\u0131 dilini geli\u015ftirmek ve farkl\u0131 bir \u00fclkede ya\u015fama hayalini ger\u00e7ekle\u015ftirmek \u00fczere 2009 y\u0131l\u0131nda Amerika\u2019ya gitti ve Troy University\u2019de \u0130\u015fletme y\u00fcksek lisans (MBA) e\u011fitimi ald\u0131.<\/span><\/p>\n<p><span style=\"font-weight: 400;\">2012 y\u0131l\u0131nda T\u00fcrkiye\u2019ye d\u00f6nen Ertem, teknoloji sekt\u00f6r\u00fcndeki insan kaynaklar\u0131 kariyerine Intel firmas\u0131nda \u0130nsan Kaynaklar\u0131 sorumlusu olarak ba\u015flad\u0131. Burada Intel\u2019in saha sat\u0131\u015f ekibinin t\u00fcm insan kaynaklar\u0131 s\u00fcre\u00e7lerinden sorumlu oldu ve iki y\u0131l\u0131n sonunda kariyerine Bilge Adam\u2019da \u0130nsan Kaynaklar\u0131 \u0130\u015f Orta\u011f\u0131 olarak devam etme karar\u0131 ald\u0131.<\/span><\/p>\n<p><span style=\"font-weight: 400;\">Bilge Adam\u2019da g\u00f6rev ald\u0131\u011f\u0131 s\u00fcre i\u00e7erisinde Yetenek Y\u00f6netimi biriminin kurulmas\u0131nda \u00f6nemli bir rol oynad\u0131. S\u0131ras\u0131yla Tak\u0131m Lideri ve Birim M\u00fcd\u00fcr Yard\u0131mc\u0131s\u0131 g\u00f6revlerini \u00fcstlendi, \u00e7al\u0131\u015fan ba\u011fl\u0131l\u0131\u011f\u0131 \u00e7al\u0131\u015fmalar\u0131, insan kaynaklar\u0131 analiti\u011fi raporlar\u0131 ve firman\u0131n ar-ge faaliyetlerinin takibi gibi konularda \u00f6nemli ba\u015far\u0131lara imza att\u0131. May\u0131s 2018\u2019de buradaki g\u00f6revinden ayr\u0131ld\u0131ktan sonra bir IK dan\u0131\u015fmanl\u0131k firmas\u0131nda i\u015fe al\u0131m dan\u0131\u015fmanl\u0131\u011f\u0131 g\u00f6revini y\u00fcr\u00fctt\u00fc ve bir bu\u00e7uk y\u0131l kadar \u00e7e\u015fitli kademe ve pozisyonlardaki profesyonellerin hayallerindeki i\u015flere, firmalar\u0131n da arad\u0131klar\u0131 yetene\u011fe ula\u015fabilmeleri i\u00e7in \u00e7al\u0131\u015ft\u0131.<\/span><\/p>\n<p><span style=\"font-weight: 400;\">2020 y\u0131l\u0131ndan itibaren RC Group \u0130nsan Kaynaklar\u0131 ve Kariyer Dan\u0131\u015fmanl\u0131k Hizmetleri b\u00fcnyesinde K\u0131demli \u0130K &amp; Teknik \u0130\u015fe Al\u0131m Dan\u0131\u015fman\u0131, LinkedIn \u0130\u00e7erik Y\u00f6neticisi ve E\u011fitmeni ve K\u0131demli Kariyer Dan\u0131\u015fman\u0131 olarak \u00e7al\u0131\u015fmaya ba\u015flad\u0131. \u015eirketin \u00fc\u00e7 markas\u0131nda da aktif olarak \u00e7al\u0131\u015fmakta; T\u00fcrkiye\u2019nin LinkedIn konusunda uzmanla\u015fm\u0131\u015f ilk ve tek markas\u0131 olan Linkedtips ile LinkedIn odakl\u0131 farkl\u0131 e\u011fitimler ve dan\u0131\u015fmanl\u0131k hizmetleri verirken, RecoverCV ile bireysel d\u00fczeyde kariyer odakl\u0131 hizmetler sunarak ki\u015filerin kariyer hedeflerine ula\u015fmalar\u0131 i\u00e7in onlara yard\u0131mc\u0131 olmakta, Recruit IT ile bili\u015fim sekt\u00f6r\u00fc odakl\u0131 \u0130nsan Kaynaklar\u0131 Dan\u0131\u015fmanl\u0131\u011f\u0131 ve yetenek kazan\u0131m\u0131 hizmetleri sa\u011flamaktad\u0131r.\u00a0<\/span><\/p>\n<p><span style=\"font-weight: 400;\">ICF onayl\u0131 profesyonel ko\u00e7luk sertifikas\u0131 da bulunan Ertem \u00f6zellikle teknik i\u015fe al\u0131m, kariyer dan\u0131\u015fmanl\u0131\u011f\u0131 ve LinkedIn\u2019in etkin kullan\u0131m\u0131 konular\u0131nda uzmanla\u015fm\u0131\u015ft\u0131r.<\/span><\/p>\n","protected":false},"featured_media":718,"template":"","meta":{"_acf_changed":false},"class_list":["post-839","our-team","type-our-team","status-publish","has-post-thumbnail","hentry"],"acf":[],"_links":{"self":[{"href":"https:\/\/linkedtips.com.tr\/tr\/wp-json\/wp\/v2\/our-team\/839","targetHints":{"allow":["GET"]}}],"collection":[{"href":"https:\/\/linkedtips.com.tr\/tr\/wp-json\/wp\/v2\/our-team"}],"about":[{"href":"https:\/\/linkedtips.com.tr\/tr\/wp-json\/wp\/v2\/types\/our-team"}],"wp:featuredmedia":[{"embeddable":true,"href":"https:\/\/linkedtips.com.tr\/tr\/wp-json\/wp\/v2\/media\/718"}],"wp:attachment":[{"href":"https:\/\/linkedtips.com.tr\/tr\/wp-json\/wp\/v2\/media?parent=839"}],"curies":[{"name":"wp","href":"https:\/\/api.w.org\/{rel}","templated":true}]}}