{"id":838,"date":"2024-07-03T06:32:50","date_gmt":"2024-07-03T06:32:50","guid":{"rendered":"https:\/\/linkedtips.com.tr\/our-team\/rabia-altunay\/"},"modified":"2024-07-31T13:51:44","modified_gmt":"2024-07-31T13:51:44","slug":"rabia-altunay","status":"publish","type":"our-team","link":"https:\/\/linkedtips.com.tr\/tr\/our-team\/rabia-altunay\/","title":{"rendered":"Rabia Altunay"},"content":{"rendered":"<p><span style=\"font-weight: 400;\">Rabia Altunay, T\u00fcrkiye\u2019nin \u00f6nde gelen okullar\u0131ndan Bornova Anadolu Lisesi\u2019nden mezun olduktan sonra e\u011fitimine Ege \u00dcniversitesi Psikolojik Dan\u0131\u015fmanl\u0131k ve Rehberlik lisans program\u0131nda devam etti. \u0130nsan Kaynaklar\u0131 alan\u0131na olan ilgisi sebebiyle Ankara \u00dcniversitesi\u2019nde \u0130nsan Kaynaklar\u0131 Y\u00f6netimi ve Kariyer Dan\u0131\u015fmanl\u0131\u011f\u0131 y\u00fcksek lisans\u0131n\u0131 tamamlad\u0131.<\/span><\/p>\n<p><span style=\"font-weight: 400;\">2008-2011 y\u0131llar\u0131 aras\u0131nda E\u011fitim Dan\u0131\u015fman\u0131 ve Global \u0130li\u015fkiler Koordinat\u00f6r\u00fc olarak \u00e7al\u0131\u015ft\u0131ktan sonra Logo Yaz\u0131l\u0131m, Yas\u0327ar Holding, Vestel, Avandel Salesforce ve Asseco SEE gibi b\u00fcy\u00fck \u00e7apl\u0131 ve global firmalarda \u0130nsan Kaynaklar\u0131 ve \u0130\u015fe Al\u0131m Dan\u0131\u015fman\u0131 olarak g\u00f6rev ald\u0131. Kariyeri boyunca insan kaynaklar\u0131, i\u015fe al\u0131m, i\u015fveren markas\u0131 yaratma ve kariyer dan\u0131\u015fmanl\u0131\u011f\u0131 alanlar\u0131nda g\u00fc\u00e7l\u00fc bir uzmanl\u0131k elde etti.<\/span><\/p>\n<p><span style=\"font-weight: 400;\">2017 y\u0131l\u0131nda, LinkedIn taraf\u0131ndan yap\u0131lan global yeterlilik s\u0131nav\u0131n\u0131 ba\u015far\u0131yla tamamlayarak \u201cLinkedIn Sertifikal\u0131 Profesyonel\u201d unvan\u0131n\u0131 ald\u0131. Ayn\u0131 y\u0131l i\u00e7inde RC Group \u0130nsan Kaynaklar\u0131 ve Kariyer Dan\u0131\u015fmanl\u0131k Hizmetleri \u015firketini kurdu ve Linkedtips, RecoverCV ve Recruit IT ve markalar\u0131n\u0131 yaratarak hem bireysel hem de kurumsal d\u00fczeyde profesyonel dan\u0131\u015fmanl\u0131k hizmetleri sunmaya ba\u015flad\u0131.<\/span><\/p>\n<p><span style=\"font-weight: 400;\">2017 y\u0131l\u0131ndan bu yana LinkedTips arac\u0131l\u0131\u011f\u0131yla profesyonellerin hedeflerine ula\u015fmalar\u0131n\u0131 sa\u011flamak i\u00e7in LinkedIn odakl\u0131 bireysel ve kurumsal hizmetlerin yan\u0131 s\u0131ra LinkedIn ara\u00e7lar\u0131 ve etkin kullan\u0131m\u0131na y\u00f6nelik e\u011fitimler vermektedir. Recruit IT ile bili\u015fim sekt\u00f6r\u00fcnde \u0130nsan Kaynaklar\u0131 ve \u0130\u015fe Al\u0131m Dan\u0131\u015fmanl\u0131\u011f\u0131 hizmetleri verirken, RecoverCV arac\u0131l\u0131\u011f\u0131yla farkl\u0131 sekt\u00f6rlerden 1000\u2019in \u00fczerinde profesyoneli kariyer yolculuklar\u0131nda desteklemeye devam etmektedir.\u00a0<\/span><\/p>\n<p><span style=\"font-weight: 400;\">Rabia Altunay, kariyeri boyunca bireylere ve kurumlara hayallerine ula\u015fmalar\u0131 konusunda yard\u0131mc\u0131 olmay\u0131 ve bu yolda onlara rehberlik etmeyi ama\u00e7lam\u0131\u015ft\u0131r. Altunay\u2019a g\u00f6re ba\u015far\u0131 bir tesad\u00fcf de\u011fil; s\u0131k\u0131 \u00e7al\u0131\u015fman\u0131n, sabr\u0131n, \u00f6\u011frenmenin, fedakarl\u0131\u011f\u0131n ve sevginin birle\u015fimidir!<\/span><\/p>\n","protected":false},"featured_media":742,"template":"","meta":{"_acf_changed":false},"class_list":["post-838","our-team","type-our-team","status-publish","has-post-thumbnail","hentry"],"acf":[],"_links":{"self":[{"href":"https:\/\/linkedtips.com.tr\/tr\/wp-json\/wp\/v2\/our-team\/838","targetHints":{"allow":["GET"]}}],"collection":[{"href":"https:\/\/linkedtips.com.tr\/tr\/wp-json\/wp\/v2\/our-team"}],"about":[{"href":"https:\/\/linkedtips.com.tr\/tr\/wp-json\/wp\/v2\/types\/our-team"}],"wp:featuredmedia":[{"embeddable":true,"href":"https:\/\/linkedtips.com.tr\/tr\/wp-json\/wp\/v2\/media\/742"}],"wp:attachment":[{"href":"https:\/\/linkedtips.com.tr\/tr\/wp-json\/wp\/v2\/media?parent=838"}],"curies":[{"name":"wp","href":"https:\/\/api.w.org\/{rel}","templated":true}]}}